{"id":2435,"date":"2020-01-14T04:51:35","date_gmt":"2020-01-14T04:51:35","guid":{"rendered":"https:\/\/produtiva.net\/v4\/?page_id=2435"},"modified":"2020-08-26T11:36:04","modified_gmt":"2020-08-26T11:36:04","slug":"tamis-metallique","status":"publish","type":"page","link":"https:\/\/www.produtiva.net\/v4\/fr\/produits\/tamis-metallique\/","title":{"rendered":"Tamis M\u00e9tallique"},"content":{"rendered":"<p>[vc_section css=&#8221;.vc_custom_1550594154086{padding-top: 80px !important;padding-bottom: 80px !important;}&#8221;][vc_row margin_bottom=&#8221;40px&#8221;][vc_column]<div class=\" agni-section-heading text-center ihda\" ><div class=\"animate\" data-animation=\"fadeIn\" data-animation-offset=\"95%\" style=\"animation-duration: 0.8s; \tanimation-delay: 0.4s; \t-moz-animation-duration: 0.8s; \t-moz-animation-delay: 0.4s; \t-webkit-animation-duration: 0.8s; \t-webkit-animation-delay: 0.4s;\"><h2 class=\"section-heading-text \" style=\"font-size:36px;\"><span>TAMIS M\u00c9TALLIQUE<\/span><\/h2><\/div><\/div>[\/vc_column][\/vc_row][vc_row margin_bottom=&#8221;60px&#8221;][vc_column width=&#8221;1\/4&#8243; margin_top=&#8221;30px&#8221;]<div class=\" agni-image custom-image-container text-right\"><div class=\"animate\" data-animation=\"fadeIn\" data-animation-offset=\"95%\" style=\"animation-duration: 0.8s;     animation-delay: 0.4s;     -moz-animation-duration: 0.8s;  -moz-animation-delay: 0.4s;    -webkit-animation-duration: 0.8s;   -webkit-animation-delay: 0.4s; \">\r\n\t\t\t<figure class=\"agni-image-figure\">\r\n\t\t\t\t<img decoding=\"async\" width=\"940\" height=\"500\" data-src=\"https:\/\/www.produtiva.net\/v4\/wp-content\/uploads\/2019\/02\/peneirosmetalicos.jpg\" class=\"fullwidth-image attachment-full  attachment-full lazyload\" alt=\"\" data-srcset=\"https:\/\/www.produtiva.net\/v4\/wp-content\/uploads\/2019\/02\/peneirosmetalicos.jpg 940w, https:\/\/www.produtiva.net\/v4\/wp-content\/uploads\/2019\/02\/peneirosmetalicos-300x160.jpg 300w, https:\/\/www.produtiva.net\/v4\/wp-content\/uploads\/2019\/02\/peneirosmetalicos-768x409.jpg 768w\" data-sizes=\"(max-width: 940px) 100vw, 940px\" src=\"data:image\/svg+xml;base64,PHN2ZyB3aWR0aD0iMSIgaGVpZ2h0PSIxIiB4bWxucz0iaHR0cDovL3d3dy53My5vcmcvMjAwMC9zdmciPjwvc3ZnPg==\" style=\"--smush-placeholder-width: 940px; --smush-placeholder-aspect-ratio: 940\/500;\" \/>\r\n\t\t\t\t<figcaption class=\"vc_figure-caption\"><\/figcaption>\r\n\t\t\t<\/figure>\r\n\t\t<\/div><\/div>[\/vc_column][vc_column width=&#8221;3\/4&#8243; animation=&#8221;1&#8243; animation_style=&#8221;fadeIn&#8221;][vc_column_text]<\/p>\n<h3 class=\"marginbottom-40 \">Type A Tamis M\u00e9tallique<\/h3>\n<p>Tamis fabriqu\u00e9e avec des fils pr\u00e9alablement ondul\u00e9s dans les deux sens, obtenant ainsi une surface irr\u00e9guli\u00e8re, des ouvertures de mailles pr\u00e9cises, une excellente pr\u00e9cision granulom\u00e9trique et de haute r\u00e9sistance. L\u2019irr\u00e9gularit\u00e9 de cette surface fournit une efficacit\u00e9 maximale de tamisage, for\u00e7ant la mati\u00e8re \u00e0 sauter, ce qui accro\u00eetra le criblage et cons\u00e9quemment la production.<\/p>\n<p>[\/vc_column_text]<div class=\" agni-button  text-left page-scroll\"><a class=\"btn btn-alt btn-sm btn-accent\" target=\"_self\" href=\"type-a-tamis-metallique\" style=\"border-radius:50px;\" >+<\/a><\/div>[\/vc_column][\/vc_row][vc_row margin_bottom=&#8221;60px&#8221;][vc_column width=&#8221;1\/4&#8243; margin_top=&#8221;30px&#8221;]<div class=\" agni-image custom-image-container text-right\"><div class=\"animate\" data-animation=\"fadeIn\" data-animation-offset=\"95%\" style=\"animation-duration: 0.8s;     animation-delay: 0.4s;     -moz-animation-duration: 0.8s;  -moz-animation-delay: 0.4s;    -webkit-animation-duration: 0.8s;   -webkit-animation-delay: 0.4s; \">\r\n\t\t\t<figure class=\"agni-image-figure\">\r\n\t\t\t\t<img decoding=\"async\" width=\"940\" height=\"500\" data-src=\"https:\/\/www.produtiva.net\/v4\/wp-content\/uploads\/2019\/03\/image-15-13.jpeg\" class=\"fullwidth-image attachment-full  attachment-full lazyload\" alt=\"\" data-srcset=\"https:\/\/www.produtiva.net\/v4\/wp-content\/uploads\/2019\/03\/image-15-13.jpeg 940w, https:\/\/www.produtiva.net\/v4\/wp-content\/uploads\/2019\/03\/image-15-13-300x160.jpeg 300w, https:\/\/www.produtiva.net\/v4\/wp-content\/uploads\/2019\/03\/image-15-13-768x409.jpeg 768w\" data-sizes=\"(max-width: 940px) 100vw, 940px\" src=\"data:image\/svg+xml;base64,PHN2ZyB3aWR0aD0iMSIgaGVpZ2h0PSIxIiB4bWxucz0iaHR0cDovL3d3dy53My5vcmcvMjAwMC9zdmciPjwvc3ZnPg==\" style=\"--smush-placeholder-width: 940px; --smush-placeholder-aspect-ratio: 940\/500;\" \/>\r\n\t\t\t\t<figcaption class=\"vc_figure-caption\"><\/figcaption>\r\n\t\t\t<\/figure>\r\n\t\t<\/div><\/div>[\/vc_column][vc_column width=&#8221;3\/4&#8243; animation=&#8221;1&#8243; animation_style=&#8221;fadeIn&#8221;][vc_column_text]<\/p>\n<h3 class=\"marginbottom-40 \">Type D Tamis M\u00e9tallique<\/h3>\n<p>Tamis fabriqu\u00e9e avec des fils pr\u00e9alablement ondul\u00e9s dans les deux sens, obtenant, ainsi, une surface irr\u00e9guli\u00e8re semi-plate, des ouvertures de mailles pr\u00e9cises, une excellente pr\u00e9cision granulom\u00e9trique et de haute r\u00e9sistance.\u00a0Ce type de surface, offre une plus grande dur\u00e9e de vie du tamis, ainsi qu\u00b4une meilleure efficacit\u00e9 de criblage.[\/vc_column_text]<div class=\" agni-button  text-left page-scroll\"><a class=\"btn btn-alt btn-sm btn-accent\" target=\"_self\" href=\"type-d-tamis-metallique\" style=\"border-radius:50px;\" >+<\/a><\/div>[\/vc_column][\/vc_row][vc_row margin_bottom=&#8221;60px&#8221;][vc_column width=&#8221;1\/4&#8243; margin_top=&#8221;30px&#8221;]<div class=\" agni-image custom-image-container text-right\"><div class=\"animate\" data-animation=\"fadeIn\" data-animation-offset=\"95%\" style=\"animation-duration: 0.8s;     animation-delay: 0.4s;     -moz-animation-duration: 0.8s;  -moz-animation-delay: 0.4s;    -webkit-animation-duration: 0.8s;   -webkit-animation-delay: 0.4s; \">\r\n\t\t\t<figure class=\"agni-image-figure\">\r\n\t\t\t\t<img decoding=\"async\" width=\"940\" height=\"500\" data-src=\"https:\/\/www.produtiva.net\/v4\/wp-content\/uploads\/2019\/03\/image-16-12.jpeg\" class=\"fullwidth-image attachment-full  attachment-full lazyload\" alt=\"\" data-srcset=\"https:\/\/www.produtiva.net\/v4\/wp-content\/uploads\/2019\/03\/image-16-12.jpeg 940w, https:\/\/www.produtiva.net\/v4\/wp-content\/uploads\/2019\/03\/image-16-12-300x160.jpeg 300w, https:\/\/www.produtiva.net\/v4\/wp-content\/uploads\/2019\/03\/image-16-12-768x409.jpeg 768w\" data-sizes=\"(max-width: 940px) 100vw, 940px\" src=\"data:image\/svg+xml;base64,PHN2ZyB3aWR0aD0iMSIgaGVpZ2h0PSIxIiB4bWxucz0iaHR0cDovL3d3dy53My5vcmcvMjAwMC9zdmciPjwvc3ZnPg==\" style=\"--smush-placeholder-width: 940px; --smush-placeholder-aspect-ratio: 940\/500;\" \/>\r\n\t\t\t\t<figcaption class=\"vc_figure-caption\"><\/figcaption>\r\n\t\t\t<\/figure>\r\n\t\t<\/div><\/div>[\/vc_column][vc_column width=&#8221;3\/4&#8243; animation=&#8221;1&#8243; animation_style=&#8221;fadeIn&#8221;][vc_column_text]<\/p>\n<h3 class=\"marginbottom-40 \">Type E Tamis M\u00e9tallique<\/h3>\n<p>Grille fabriqu\u00e9e avec des fils pr\u00e9alablement ondul\u00e9s en un seul sens, permettant celle-ci d\u00b4\u00eatre \u00e0 l\u00b4oppos\u00e9 de la surface de travail, qui est compl\u00e9tement plate.\u00a0La particularit\u00e9 des ouvertures plus larges permet une excellente pr\u00e9cision pour la rigueur granulom\u00e9trique.\u00a0\u00c9tant la surface de travail compl\u00e8tement plate, la d\u00e9t\u00e9rioration des fils sera homog\u00e8ne pendant la durabilit\u00e9 du tamis.\u00a0Dans ce type de maille, les diam\u00e8tres des fils sont sup\u00e9rieurs aux autres, par cons\u00e9quence celle-ci aura une plus grande dur\u00e9e de vie.[\/vc_column_text]<div class=\" agni-button  text-left page-scroll\"><a class=\"btn btn-alt btn-sm btn-accent\" target=\"_self\" href=\"type-e-tamis-metallique\" style=\"border-radius:50px;\" >+<\/a><\/div>[\/vc_column][\/vc_row][vc_row margin_bottom=&#8221;60px&#8221;][vc_column width=&#8221;1\/4&#8243; margin_top=&#8221;30px&#8221;]<div class=\" agni-image custom-image-container text-right\"><div class=\"animate\" data-animation=\"fadeIn\" data-animation-offset=\"95%\" style=\"animation-duration: 0.8s;     animation-delay: 0.4s;     -moz-animation-duration: 0.8s;  -moz-animation-delay: 0.4s;    -webkit-animation-duration: 0.8s;   -webkit-animation-delay: 0.4s; \">\r\n\t\t\t<figure class=\"agni-image-figure\">\r\n\t\t\t\t<img decoding=\"async\" width=\"940\" height=\"500\" data-src=\"https:\/\/www.produtiva.net\/v4\/wp-content\/uploads\/2019\/09\/1.jpg\" class=\"fullwidth-image attachment-full  attachment-full lazyload\" alt=\"\" data-srcset=\"https:\/\/www.produtiva.net\/v4\/wp-content\/uploads\/2019\/09\/1.jpg 940w, https:\/\/www.produtiva.net\/v4\/wp-content\/uploads\/2019\/09\/1-300x160.jpg 300w, https:\/\/www.produtiva.net\/v4\/wp-content\/uploads\/2019\/09\/1-768x409.jpg 768w\" data-sizes=\"(max-width: 940px) 100vw, 940px\" src=\"data:image\/svg+xml;base64,PHN2ZyB3aWR0aD0iMSIgaGVpZ2h0PSIxIiB4bWxucz0iaHR0cDovL3d3dy53My5vcmcvMjAwMC9zdmciPjwvc3ZnPg==\" style=\"--smush-placeholder-width: 940px; --smush-placeholder-aspect-ratio: 940\/500;\" \/>\r\n\t\t\t\t<figcaption class=\"vc_figure-caption\"><\/figcaption>\r\n\t\t\t<\/figure>\r\n\t\t<\/div><\/div>[\/vc_column][vc_column width=&#8221;3\/4&#8243; animation=&#8221;1&#8243; animation_style=&#8221;fadeIn&#8221;][vc_column_text]<\/p>\n<h3 class=\"marginbottom-40 \">Type H Tamis M\u00e9tallique<\/h3>\n<p>Grille fabriqu\u00e9e avec des fils pr\u00e9alablement ondul\u00e9s dans les deux sens formant un rectangle.\u00a0La grande particularit\u00e9 de ce type de maille permet d\u2019avoir un plus grand \u00e9cart sur le c\u00f4t\u00e9 le plus grand et de choisir l\u00b4ouverture souhaiter sur le c\u00f4t\u00e9 plus \u00e9troit du rectangle.\u00a0Il est conseiller pour ce type de maille un taux d\u2019ouverture de 1 \u00e0 10.\u00a0D\u00fb \u00e0 la grande diff\u00e9rence existante entre les deux c\u00f4t\u00e9s, 3 fils sont appliqu\u00e9s sur le bord plus \u00e9troit, pour renforcer et assurer une meilleure rigidit\u00e9 du tamis.[\/vc_column_text]<div class=\" agni-button  text-left page-scroll\"><a class=\"btn btn-alt btn-sm btn-accent\" target=\"_self\" href=\"type-h-tamis-metallique\" style=\"border-radius:50px;\" >+<\/a><\/div>[\/vc_column][\/vc_row][vc_row margin_bottom=&#8221;60px&#8221;][vc_column width=&#8221;1\/4&#8243; margin_top=&#8221;30px&#8221;]<div class=\" agni-image custom-image-container text-right\"><div class=\"animate\" data-animation=\"fadeIn\" data-animation-offset=\"95%\" style=\"animation-duration: 0.8s;     animation-delay: 0.4s;     -moz-animation-duration: 0.8s;  -moz-animation-delay: 0.4s;    -webkit-animation-duration: 0.8s;   -webkit-animation-delay: 0.4s; \">\r\n\t\t\t<figure class=\"agni-image-figure\">\r\n\t\t\t\t<img decoding=\"async\" width=\"940\" height=\"500\" data-src=\"https:\/\/www.produtiva.net\/v4\/wp-content\/uploads\/2019\/03\/image-16-13.jpeg\" class=\"fullwidth-image attachment-full  attachment-full lazyload\" alt=\"\" data-srcset=\"https:\/\/www.produtiva.net\/v4\/wp-content\/uploads\/2019\/03\/image-16-13.jpeg 940w, https:\/\/www.produtiva.net\/v4\/wp-content\/uploads\/2019\/03\/image-16-13-300x160.jpeg 300w, https:\/\/www.produtiva.net\/v4\/wp-content\/uploads\/2019\/03\/image-16-13-768x409.jpeg 768w\" data-sizes=\"(max-width: 940px) 100vw, 940px\" src=\"data:image\/svg+xml;base64,PHN2ZyB3aWR0aD0iMSIgaGVpZ2h0PSIxIiB4bWxucz0iaHR0cDovL3d3dy53My5vcmcvMjAwMC9zdmciPjwvc3ZnPg==\" style=\"--smush-placeholder-width: 940px; --smush-placeholder-aspect-ratio: 940\/500;\" \/>\r\n\t\t\t\t<figcaption class=\"vc_figure-caption\"><\/figcaption>\r\n\t\t\t<\/figure>\r\n\t\t<\/div><\/div>[\/vc_column][vc_column width=&#8221;3\/4&#8243; animation=&#8221;1&#8243; animation_style=&#8221;fadeIn&#8221;][vc_column_text]<\/p>\n<h3 class=\"marginbottom-40 \">Type R Tamis M\u00e9tallique<\/h3>\n<p>Grille fabriqu\u00e9e avec des fils pr\u00e9alablement ondul\u00e9s dans les deux sens, comme la maille du type A, cependant ici en forme rectangulaire.\u00a0Ce type de maille, maximise le tamisage des produits <u>qui sont d\u00e9j\u00e0 cubique\u00a0<\/u>par d\u00e9faut.\u00a0Son assemblage peut \u00eatre transversal (\u00e0 contre-sens) ce qui augmentera l\u00b4efficacit\u00e9 du tamisage, ou bien, longitudinal (parall\u00e8le) qui augmentera la production.[\/vc_column_text]<div class=\" agni-button  text-left page-scroll\"><a class=\"btn btn-alt btn-sm btn-accent\" target=\"_self\" href=\"type-r-tamis-metallique\" style=\"border-radius:50px;\" >+<\/a><\/div>[\/vc_column][\/vc_row][vc_row][vc_column padding_top=&#8221;50px&#8221; padding_bottom=&#8221;50px&#8221;]<div class=\" agni-section-heading text-left ihda\" ><h2 class=\"section-heading-text \" style=\"font-size:32px;\"><span>Autres Produits<\/span><\/h2><\/div><div class=\"service-box-container carousel-service-box\" data-service-gutter=\"30\" data-service-autoplay=\"true\" data-service-autoplay-timeout=\"3000\" data-service-autoplay-hover=\"true\" data-service-loop=\"true \" data-service-pagination=\"true\" data-service-0=\"1\" data-service-768=\"2\" data-service-992=\"3\" data-service-1200=\"3\"><div class=\"service-box-carousel-column\"><div class=\"service-box-column animate\" style=\"animation-duration: 0.8s; animation-delay: 0.4s; -webkit-animation-duration: 0.8s; -webkit-animation-delay: 0.4s\" data-animation=\"fadeIn\" data-animation-offset=\"95%\"><div class=\"service-box service-box-style-3 text-left service-has-background-image lazyload\" style=\"background-image:inherit; padding: 70px; \" data-bg-image=\"url(&#039;https:\/\/www.produtiva.net\/v4\/wp-content\/uploads\/2019\/02\/peneirosmetalicos.jpg&#039;)\">\r\n\t\t\t\t\t\t<div class=\"service-box-style-3-icon\">\r\n\t\t\t\t\t\t\t<h5 class=\"service-box-text\" style=\"font-size:45px;\"> <\/h5><h6 class=\"service-box-heading\" style=\"font-size:0px; color:#ffffff;\">Tamis M\u00e9tallique<\/h6>\r\n\t\t\t\t\t\t<\/div>\r\n\t\t\t\t\t\t<div class=\"service-box-style-3-text\" style=\"padding: 70px; \">\r\n\t\t\t\t\t\t\t<div class=\"service-box-description\" > <\/div><div class=\"service-box-btn\"><a class=\"btn  btn-accent btn-sm\" href=\"https:\/\/produtiva.net\/v4\/fr\/produits\/tamis-metallique\/\" > Tamis M\u00e9tallique<\/a><\/div>\r\n\t\t\t\t\t\t<\/div>\r\n\t\t\t\t\t<\/div><\/div><\/div><div class=\"service-box-carousel-column\"><div class=\"service-box-column animate\" style=\"animation-duration: 0.8s; animation-delay: 0.8s; -webkit-animation-duration: 0.8s; -webkit-animation-delay: 0.8s\" data-animation=\"fadeIn\" data-animation-offset=\"95%\"><div class=\"service-box service-box-style-3 text-left service-has-background-image lazyload\" style=\"background-image:inherit; padding: 70px; \" data-bg-image=\"url(&#039;https:\/\/www.produtiva.net\/v4\/wp-content\/uploads\/2019\/02\/peneirosanticolmatantes.jpg&#039;)\">\r\n\t\t\t\t\t\t<div class=\"service-box-style-3-icon\">\r\n\t\t\t\t\t\t\t<h5 class=\"service-box-text\" style=\"font-size:45px;\"> <\/h5><h6 class=\"service-box-heading\" style=\"font-size:0px; color:#ffffff;\">Tamis Anticolmatantes<\/h6>\r\n\t\t\t\t\t\t<\/div>\r\n\t\t\t\t\t\t<div class=\"service-box-style-3-text\" style=\"padding: 70px; \">\r\n\t\t\t\t\t\t\t<div class=\"service-box-description\" > <\/div><div class=\"service-box-btn\"><a class=\"btn  btn-accent btn-sm\" href=\"https:\/\/produtiva.net\/v4\/fr\/produits\/tamis-anticolmatantes\/\" > Tamis Anticolmatantes<\/a><\/div>\r\n\t\t\t\t\t\t<\/div>\r\n\t\t\t\t\t<\/div><\/div><\/div><div class=\"service-box-carousel-column\"><div class=\"service-box-column animate\" style=\"animation-duration: 0.8s; animation-delay: 1.2s; -webkit-animation-duration: 0.8s; -webkit-animation-delay: 1.2s\" data-animation=\"fadeIn\" data-animation-offset=\"95%\"><div class=\"service-box service-box-style-3 text-left service-has-background-image lazyload\" style=\"background-image:inherit; padding: 70px; \" data-bg-image=\"url(&#039;https:\/\/www.produtiva.net\/v4\/wp-content\/uploads\/2019\/02\/peneirosemborracha.jpg&#039;)\">\r\n\t\t\t\t\t\t<div class=\"service-box-style-3-icon\">\r\n\t\t\t\t\t\t\t<h5 class=\"service-box-text\" style=\"font-size:45px;\"> <\/h5><h6 class=\"service-box-heading\" style=\"font-size:0px; color:#ffffff;\">Tamis en caoutchouc<\/h6>\r\n\t\t\t\t\t\t<\/div>\r\n\t\t\t\t\t\t<div class=\"service-box-style-3-text\" style=\"padding: 70px; \">\r\n\t\t\t\t\t\t\t<div class=\"service-box-description\" > <\/div><div class=\"service-box-btn\"><a class=\"btn  btn-accent btn-sm\" href=\"https:\/\/produtiva.net\/v4\/fr\/produits\/tamis-en-caoutchouc\/\" > Tamis en caoutchouc<\/a><\/div>\r\n\t\t\t\t\t\t<\/div>\r\n\t\t\t\t\t<\/div><\/div><\/div><div class=\"service-box-carousel-column\"><div class=\"service-box-column animate\" style=\"animation-duration: 0.8s; animation-delay: 0.4s; -webkit-animation-duration: 0.8s; -webkit-animation-delay: 0.4s\" data-animation=\"fadeIn\" data-animation-offset=\"95%\"><div class=\"service-box service-box-style-3 text-left service-has-background-image lazyload\" style=\"background-image:inherit; padding: 70px; \" data-bg-image=\"url(&#039;https:\/\/www.produtiva.net\/v4\/wp-content\/uploads\/2019\/02\/peneirosempoliuretano.jpg&#039;)\">\r\n\t\t\t\t\t\t<div class=\"service-box-style-3-icon\">\r\n\t\t\t\t\t\t\t<h5 class=\"service-box-text\" style=\"font-size:45px;\"> <\/h5><h6 class=\"service-box-heading\" style=\"font-size:0px; color:#ffffff;\">Tamis en polyur\u00e9thane<\/h6>\r\n\t\t\t\t\t\t<\/div>\r\n\t\t\t\t\t\t<div class=\"service-box-style-3-text\" style=\"padding: 70px; \">\r\n\t\t\t\t\t\t\t<div class=\"service-box-description\" > <\/div><div class=\"service-box-btn\"><a class=\"btn  btn-accent btn-sm\" href=\"https:\/\/produtiva.net\/v4\/fr\/produits\/tamis-en-polyurethane\/\" > Tamis en polyur\u00e9thane<\/a><\/div>\r\n\t\t\t\t\t\t<\/div>\r\n\t\t\t\t\t<\/div><\/div><\/div><div class=\"service-box-carousel-column\"><div class=\"service-box-column animate\" style=\"animation-duration: 0.8s; animation-delay: 0.8s; -webkit-animation-duration: 0.8s; -webkit-animation-delay: 0.8s\" data-animation=\"fadeIn\" data-animation-offset=\"95%\"><div class=\"service-box service-box-style-3 text-left service-has-background-image lazyload\" style=\"background-image:inherit; padding: 70px; \" data-bg-image=\"url(&#039;https:\/\/www.produtiva.net\/v4\/wp-content\/uploads\/2019\/02\/peneirosemchapa.jpg&#039;)\">\r\n\t\t\t\t\t\t<div class=\"service-box-style-3-icon\">\r\n\t\t\t\t\t\t\t<h5 class=\"service-box-text\" style=\"font-size:45px;\"> <\/h5><h6 class=\"service-box-heading\" style=\"font-size:0px; color:#ffffff;\">Tamis de plaque perfor\u00e9e<\/h6>\r\n\t\t\t\t\t\t<\/div>\r\n\t\t\t\t\t\t<div class=\"service-box-style-3-text\" style=\"padding: 70px; \">\r\n\t\t\t\t\t\t\t<div class=\"service-box-description\" > <\/div><div class=\"service-box-btn\"><a class=\"btn  btn-accent btn-sm\" href=\"https:\/\/produtiva.net\/v4\/fr\/produits\/tamis-de-plaque-perforee\/\" > Tamis de plaque perfor\u00e9e<\/a><\/div>\r\n\t\t\t\t\t\t<\/div>\r\n\t\t\t\t\t<\/div><\/div><\/div><div class=\"service-box-carousel-column\"><div class=\"service-box-column animate\" style=\"animation-duration: 0.8s; animation-delay: 1.2s; -webkit-animation-duration: 0.8s; -webkit-animation-delay: 1.2s\" data-animation=\"fadeIn\" data-animation-offset=\"95%\"><div class=\"service-box service-box-style-3 text-left service-has-background-image lazyload\" style=\"background-image:inherit; padding: 70px; \" data-bg-image=\"url(&#039;https:\/\/www.produtiva.net\/v4\/wp-content\/uploads\/2019\/02\/chapaperfurada.jpg&#039;)\">\r\n\t\t\t\t\t\t<div class=\"service-box-style-3-icon\">\r\n\t\t\t\t\t\t\t<h5 class=\"service-box-text\" style=\"font-size:45px;\"> <\/h5><h6 class=\"service-box-heading\" style=\"font-size:0px; color:#ffffff;\">Plaque perfor\u00e9e<\/h6>\r\n\t\t\t\t\t\t<\/div>\r\n\t\t\t\t\t\t<div class=\"service-box-style-3-text\" style=\"padding: 70px; \">\r\n\t\t\t\t\t\t\t<div class=\"service-box-description\" > <\/div><div class=\"service-box-btn\"><a class=\"btn  btn-accent btn-sm\" href=\"https:\/\/produtiva.net\/v4\/fr\/produits\/plaque-perforee\/\" > Plaque perfor\u00e9e<\/a><\/div>\r\n\t\t\t\t\t\t<\/div>\r\n\t\t\t\t\t<\/div><\/div><\/div><div class=\"service-box-carousel-column\"><div class=\"service-box-column animate\" style=\"animation-duration: 0.8s; animation-delay: 0.4s; -webkit-animation-duration: 0.8s; -webkit-animation-delay: 0.4s\" data-animation=\"fadeIn\" data-animation-offset=\"95%\"><div class=\"service-box service-box-style-3 text-left service-has-background-image lazyload\" style=\"background-image:inherit; padding: 70px; \" data-bg-image=\"url(&#039;https:\/\/www.produtiva.net\/v4\/wp-content\/uploads\/2019\/02\/filtros.jpg&#039;)\">\r\n\t\t\t\t\t\t<div class=\"service-box-style-3-icon\">\r\n\t\t\t\t\t\t\t<h5 class=\"service-box-text\" style=\"font-size:45px;\"> <\/h5><h6 class=\"service-box-heading\" style=\"font-size:0px; color:#ffffff;\">Acier<\/h6>\r\n\t\t\t\t\t\t<\/div>\r\n\t\t\t\t\t\t<div class=\"service-box-style-3-text\" style=\"padding: 70px; \">\r\n\t\t\t\t\t\t\t<div class=\"service-box-description\" > <\/div><div class=\"service-box-btn\"><a class=\"btn  btn-accent btn-sm\" href=\"https:\/\/produtiva.net\/v4\/fr\/produits\/filtres-et-autres\/\" > Acier<\/a><\/div>\r\n\t\t\t\t\t\t<\/div>\r\n\t\t\t\t\t<\/div><\/div><\/div><\/div>[\/vc_column][\/vc_row][\/vc_section][vc_section css=&#8221;.vc_custom_1578975786703{padding-bottom: 80px !important;}&#8221;][vc_row][vc_column align=&#8221;center&#8221; width=&#8221;1\/3&#8243; animation=&#8221;1&#8243; animation_style=&#8221;fadeIn&#8221;]<span class=\" agni-icon has-icon \" ><span class=\"agni-icon-container\" style=\"border-radius:50%; color:#0076e5; \"><i class=\"ion-ios-paper-outline  \" style=\"font-size:84px; border-radius:50%; color:#009bf8; \"><\/i><\/span><\/span>[vc_custom_heading text=&#8221;INFORMATIONS TECHNIQUES&#8221; font_container=&#8221;tag:h4|text_align:center|color:%23000000&#8243; use_theme_fonts=&#8221;yes&#8221; custom_heading_font_weight=&#8221;200&#8243;][vc_column_text]<\/p>\n<p style=\"text-align: center;\">T\u00e9l\u00e9chargements, donn\u00e9es techniques et informations sur l&#8217;installation et la maintenance de nos produits<br \/>\n<a href=\"https:\/\/produtiva.net\/v4\/wp-content\/uploads\/2020\/05\/Produtiva_Conselhos-Tecnicos_FR.pdf\">Cliquer pour t\u00e9l\u00e9charger<\/a><\/p>\n<p>[\/vc_column_text][\/vc_column][vc_column align=&#8221;center&#8221; width=&#8221;1\/3&#8243; animation=&#8221;1&#8243; animation_style=&#8221;fadeIn&#8221;]<span class=\" agni-icon has-icon \" ><span class=\"agni-icon-container\" style=\"border-radius:50%; color:#0076e5; \"><i class=\"ion-ios-location-outline  \" style=\"font-size:84px; border-radius:50%; color:#009bf8; \"><\/i><\/span><\/span>[vc_custom_heading text=&#8221;LES IMAGES DE LA PRODUTIVA&#8221; font_container=&#8221;tag:h4|text_align:center|color:%23000000&#8243; use_theme_fonts=&#8221;yes&#8221; custom_heading_font_weight=&#8221;200&#8243;][vc_column_text]<\/p>\n<p style=\"text-align: center;\">Apprenez \u00e0 conna\u00eetre un peu mieux qui nous sommes et ce que nous faisons \u00e0 travers cette galerie de photos<br \/>\n<a href=\"https:\/\/produtiva.net\/v4\/fr\/galerie\/\">Cliquez pour acc\u00e9der<\/a><\/p>\n<p>[\/vc_column_text][\/vc_column][vc_column align=&#8221;center&#8221; width=&#8221;1\/3&#8243; animation=&#8221;1&#8243; animation_style=&#8221;fadeIn&#8221;]<span class=\" agni-icon has-icon \" ><span class=\"agni-icon-container\" style=\"border-radius:50%; color:#0076e5; \"><i class=\"ion-chatboxes  \" style=\"font-size:84px; border-radius:50%; color:#009bf8; \"><\/i><\/span><\/span>[vc_custom_heading text=&#8221;CONTACTER PRODUTIVA&#8221; font_container=&#8221;tag:h4|text_align:center|color:%23000000&#8243; use_theme_fonts=&#8221;yes&#8221; custom_heading_font_weight=&#8221;200&#8243;][vc_column_text]<\/p>\n<p style=\"text-align: center;\">Nous vous aiderons \u00e0 trouver le meilleur produit au meilleur prix. Appelez +351 223 771 770 ou e-mail<br \/>\n<a href=\"mailto:produtiva@produtiva.net\">produtiva@produtiva.net<\/a><\/p>\n<p>[\/vc_column_text][\/vc_column][\/vc_row][\/vc_section]<\/p>\n","protected":false},"excerpt":{"rendered":"<p>[vc_section css=&#8221;.vc_custom_1550594154086{padding-top: 80px !important;padding-bottom: 80px !important;}&#8221;][vc_row margin_bottom=&#8221;40px&#8221;][vc_column][\/vc_column][\/vc_row][vc_row margin_bottom=&#8221;60px&#8221;][vc_column width=&#8221;1\/4&#8243; margin_top=&#8221;30px&#8221;][\/vc_column][vc_column width=&#8221;3\/4&#8243; animation=&#8221;1&#8243; animation_style=&#8221;fadeIn&#8221;][vc_column_text] Type A Tamis M\u00e9tallique Tamis fabriqu\u00e9e avec des fils pr\u00e9alablement ondul\u00e9s dans les deux sens, obtenant ainsi une surface irr\u00e9guli\u00e8re, des ouvertures de mailles pr\u00e9cises, une excellente pr\u00e9cision granulom\u00e9trique et de haute r\u00e9sistance. L\u2019irr\u00e9gularit\u00e9 de cette surface fournit une efficacit\u00e9 maximale de [&hellip;]<\/p>\n","protected":false},"author":1,"featured_media":96,"parent":2397,"menu_order":0,"comment_status":"closed","ping_status":"closed","template":"","meta":{"_monsterinsights_skip_tracking":false,"_monsterinsights_sitenote_active":false,"_monsterinsights_sitenote_note":"","_monsterinsights_sitenote_category":0,"footnotes":""},"class_list":["post-2435","page","type-page","status-publish","has-post-thumbnail","hentry"],"yoast_head":"<!-- This site is optimized with the Yoast SEO plugin v25.5 - https:\/\/yoast.com\/wordpress\/plugins\/seo\/ -->\n<title>Tamis M\u00e9tallique - Produtiva<\/title>\n<meta name=\"robots\" content=\"index, follow, max-snippet:-1, max-image-preview:large, max-video-preview:-1\" \/>\n<link rel=\"canonical\" href=\"https:\/\/www.produtiva.net\/v4\/fr\/produits\/tamis-metallique\/\" \/>\n<meta property=\"og:locale\" content=\"pt_PT\" \/>\n<meta property=\"og:type\" content=\"article\" \/>\n<meta property=\"og:title\" content=\"Tamis M\u00e9tallique - Produtiva\" \/>\n<meta property=\"og:description\" content=\"[vc_section css=&#8221;.vc_custom_1550594154086{padding-top: 80px !important;padding-bottom: 80px !important;}&#8221;][vc_row margin_bottom=&#8221;40px&#8221;][vc_column][\/vc_column][\/vc_row][vc_row margin_bottom=&#8221;60px&#8221;][vc_column width=&#8221;1\/4&#8243; margin_top=&#8221;30px&#8221;][\/vc_column][vc_column width=&#8221;3\/4&#8243; animation=&#8221;1&#8243; animation_style=&#8221;fadeIn&#8221;][vc_column_text] Type A Tamis M\u00e9tallique Tamis fabriqu\u00e9e avec des fils pr\u00e9alablement ondul\u00e9s dans les deux sens, obtenant ainsi une surface irr\u00e9guli\u00e8re, des ouvertures de mailles pr\u00e9cises, une excellente pr\u00e9cision granulom\u00e9trique et de haute r\u00e9sistance. L\u2019irr\u00e9gularit\u00e9 de cette surface fournit une efficacit\u00e9 maximale de [&hellip;]\" \/>\n<meta property=\"og:url\" content=\"https:\/\/www.produtiva.net\/v4\/fr\/produits\/tamis-metallique\/\" \/>\n<meta property=\"og:site_name\" content=\"Produtiva\" \/>\n<meta property=\"article:modified_time\" content=\"2020-08-26T11:36:04+00:00\" \/>\n<meta property=\"og:image\" content=\"https:\/\/www.produtiva.net\/v4\/wp-content\/uploads\/2019\/02\/peneirosmetalicos.jpg\" \/>\n\t<meta property=\"og:image:width\" content=\"940\" \/>\n\t<meta property=\"og:image:height\" content=\"500\" \/>\n\t<meta property=\"og:image:type\" content=\"image\/jpeg\" \/>\n<meta name=\"twitter:card\" content=\"summary_large_image\" \/>\n<meta name=\"twitter:label1\" content=\"Tempo estimado de leitura\" \/>\n\t<meta name=\"twitter:data1\" content=\"9 minutos\" \/>\n<script type=\"application\/ld+json\" class=\"yoast-schema-graph\">{\"@context\":\"https:\/\/schema.org\",\"@graph\":[{\"@type\":\"WebPage\",\"@id\":\"https:\/\/www.produtiva.net\/v4\/fr\/produits\/tamis-metallique\/\",\"url\":\"https:\/\/www.produtiva.net\/v4\/fr\/produits\/tamis-metallique\/\",\"name\":\"Tamis M\u00e9tallique - Produtiva\",\"isPartOf\":{\"@id\":\"https:\/\/www.produtiva.net\/v4\/#website\"},\"primaryImageOfPage\":{\"@id\":\"https:\/\/www.produtiva.net\/v4\/fr\/produits\/tamis-metallique\/#primaryimage\"},\"image\":{\"@id\":\"https:\/\/www.produtiva.net\/v4\/fr\/produits\/tamis-metallique\/#primaryimage\"},\"thumbnailUrl\":\"https:\/\/www.produtiva.net\/v4\/wp-content\/uploads\/2019\/02\/peneirosmetalicos.jpg\",\"datePublished\":\"2020-01-14T04:51:35+00:00\",\"dateModified\":\"2020-08-26T11:36:04+00:00\",\"breadcrumb\":{\"@id\":\"https:\/\/www.produtiva.net\/v4\/fr\/produits\/tamis-metallique\/#breadcrumb\"},\"inLanguage\":\"pt-PT\",\"potentialAction\":[{\"@type\":\"ReadAction\",\"target\":[\"https:\/\/www.produtiva.net\/v4\/fr\/produits\/tamis-metallique\/\"]}]},{\"@type\":\"ImageObject\",\"inLanguage\":\"pt-PT\",\"@id\":\"https:\/\/www.produtiva.net\/v4\/fr\/produits\/tamis-metallique\/#primaryimage\",\"url\":\"https:\/\/www.produtiva.net\/v4\/wp-content\/uploads\/2019\/02\/peneirosmetalicos.jpg\",\"contentUrl\":\"https:\/\/www.produtiva.net\/v4\/wp-content\/uploads\/2019\/02\/peneirosmetalicos.jpg\",\"width\":940,\"height\":500},{\"@type\":\"BreadcrumbList\",\"@id\":\"https:\/\/www.produtiva.net\/v4\/fr\/produits\/tamis-metallique\/#breadcrumb\",\"itemListElement\":[{\"@type\":\"ListItem\",\"position\":1,\"name\":\"In\u00edcio\",\"item\":\"https:\/\/www.produtiva.net\/v4\/\"},{\"@type\":\"ListItem\",\"position\":2,\"name\":\"Produits\",\"item\":\"https:\/\/www.produtiva.net\/v4\/fr\/produits\/\"},{\"@type\":\"ListItem\",\"position\":3,\"name\":\"Tamis M\u00e9tallique\"}]},{\"@type\":\"WebSite\",\"@id\":\"https:\/\/www.produtiva.net\/v4\/#website\",\"url\":\"https:\/\/www.produtiva.net\/v4\/\",\"name\":\"Produtiva\",\"description\":\"SA\",\"publisher\":{\"@id\":\"https:\/\/www.produtiva.net\/v4\/#organization\"},\"potentialAction\":[{\"@type\":\"SearchAction\",\"target\":{\"@type\":\"EntryPoint\",\"urlTemplate\":\"https:\/\/www.produtiva.net\/v4\/?s={search_term_string}\"},\"query-input\":{\"@type\":\"PropertyValueSpecification\",\"valueRequired\":true,\"valueName\":\"search_term_string\"}}],\"inLanguage\":\"pt-PT\"},{\"@type\":\"Organization\",\"@id\":\"https:\/\/www.produtiva.net\/v4\/#organization\",\"name\":\"Produtiva\",\"url\":\"https:\/\/www.produtiva.net\/v4\/\",\"logo\":{\"@type\":\"ImageObject\",\"inLanguage\":\"pt-PT\",\"@id\":\"https:\/\/www.produtiva.net\/v4\/#\/schema\/logo\/image\/\",\"url\":\"https:\/\/www.produtiva.net\/v4\/wp-content\/uploads\/2019\/08\/logo-produtiva-black.png\",\"contentUrl\":\"https:\/\/www.produtiva.net\/v4\/wp-content\/uploads\/2019\/08\/logo-produtiva-black.png\",\"width\":238,\"height\":52,\"caption\":\"Produtiva\"},\"image\":{\"@id\":\"https:\/\/www.produtiva.net\/v4\/#\/schema\/logo\/image\/\"}}]}<\/script>\n<!-- \/ Yoast SEO plugin. -->","yoast_head_json":{"title":"Tamis M\u00e9tallique - Produtiva","robots":{"index":"index","follow":"follow","max-snippet":"max-snippet:-1","max-image-preview":"max-image-preview:large","max-video-preview":"max-video-preview:-1"},"canonical":"https:\/\/www.produtiva.net\/v4\/fr\/produits\/tamis-metallique\/","og_locale":"pt_PT","og_type":"article","og_title":"Tamis M\u00e9tallique - Produtiva","og_description":"[vc_section css=&#8221;.vc_custom_1550594154086{padding-top: 80px !important;padding-bottom: 80px !important;}&#8221;][vc_row margin_bottom=&#8221;40px&#8221;][vc_column][\/vc_column][\/vc_row][vc_row margin_bottom=&#8221;60px&#8221;][vc_column width=&#8221;1\/4&#8243; margin_top=&#8221;30px&#8221;][\/vc_column][vc_column width=&#8221;3\/4&#8243; animation=&#8221;1&#8243; animation_style=&#8221;fadeIn&#8221;][vc_column_text] Type A Tamis M\u00e9tallique Tamis fabriqu\u00e9e avec des fils pr\u00e9alablement ondul\u00e9s dans les deux sens, obtenant ainsi une surface irr\u00e9guli\u00e8re, des ouvertures de mailles pr\u00e9cises, une excellente pr\u00e9cision granulom\u00e9trique et de haute r\u00e9sistance. L\u2019irr\u00e9gularit\u00e9 de cette surface fournit une efficacit\u00e9 maximale de [&hellip;]","og_url":"https:\/\/www.produtiva.net\/v4\/fr\/produits\/tamis-metallique\/","og_site_name":"Produtiva","article_modified_time":"2020-08-26T11:36:04+00:00","og_image":[{"width":940,"height":500,"url":"https:\/\/www.produtiva.net\/v4\/wp-content\/uploads\/2019\/02\/peneirosmetalicos.jpg","type":"image\/jpeg"}],"twitter_card":"summary_large_image","twitter_misc":{"Tempo estimado de leitura":"9 minutos"},"schema":{"@context":"https:\/\/schema.org","@graph":[{"@type":"WebPage","@id":"https:\/\/www.produtiva.net\/v4\/fr\/produits\/tamis-metallique\/","url":"https:\/\/www.produtiva.net\/v4\/fr\/produits\/tamis-metallique\/","name":"Tamis M\u00e9tallique - Produtiva","isPartOf":{"@id":"https:\/\/www.produtiva.net\/v4\/#website"},"primaryImageOfPage":{"@id":"https:\/\/www.produtiva.net\/v4\/fr\/produits\/tamis-metallique\/#primaryimage"},"image":{"@id":"https:\/\/www.produtiva.net\/v4\/fr\/produits\/tamis-metallique\/#primaryimage"},"thumbnailUrl":"https:\/\/www.produtiva.net\/v4\/wp-content\/uploads\/2019\/02\/peneirosmetalicos.jpg","datePublished":"2020-01-14T04:51:35+00:00","dateModified":"2020-08-26T11:36:04+00:00","breadcrumb":{"@id":"https:\/\/www.produtiva.net\/v4\/fr\/produits\/tamis-metallique\/#breadcrumb"},"inLanguage":"pt-PT","potentialAction":[{"@type":"ReadAction","target":["https:\/\/www.produtiva.net\/v4\/fr\/produits\/tamis-metallique\/"]}]},{"@type":"ImageObject","inLanguage":"pt-PT","@id":"https:\/\/www.produtiva.net\/v4\/fr\/produits\/tamis-metallique\/#primaryimage","url":"https:\/\/www.produtiva.net\/v4\/wp-content\/uploads\/2019\/02\/peneirosmetalicos.jpg","contentUrl":"https:\/\/www.produtiva.net\/v4\/wp-content\/uploads\/2019\/02\/peneirosmetalicos.jpg","width":940,"height":500},{"@type":"BreadcrumbList","@id":"https:\/\/www.produtiva.net\/v4\/fr\/produits\/tamis-metallique\/#breadcrumb","itemListElement":[{"@type":"ListItem","position":1,"name":"In\u00edcio","item":"https:\/\/www.produtiva.net\/v4\/"},{"@type":"ListItem","position":2,"name":"Produits","item":"https:\/\/www.produtiva.net\/v4\/fr\/produits\/"},{"@type":"ListItem","position":3,"name":"Tamis M\u00e9tallique"}]},{"@type":"WebSite","@id":"https:\/\/www.produtiva.net\/v4\/#website","url":"https:\/\/www.produtiva.net\/v4\/","name":"Produtiva","description":"SA","publisher":{"@id":"https:\/\/www.produtiva.net\/v4\/#organization"},"potentialAction":[{"@type":"SearchAction","target":{"@type":"EntryPoint","urlTemplate":"https:\/\/www.produtiva.net\/v4\/?s={search_term_string}"},"query-input":{"@type":"PropertyValueSpecification","valueRequired":true,"valueName":"search_term_string"}}],"inLanguage":"pt-PT"},{"@type":"Organization","@id":"https:\/\/www.produtiva.net\/v4\/#organization","name":"Produtiva","url":"https:\/\/www.produtiva.net\/v4\/","logo":{"@type":"ImageObject","inLanguage":"pt-PT","@id":"https:\/\/www.produtiva.net\/v4\/#\/schema\/logo\/image\/","url":"https:\/\/www.produtiva.net\/v4\/wp-content\/uploads\/2019\/08\/logo-produtiva-black.png","contentUrl":"https:\/\/www.produtiva.net\/v4\/wp-content\/uploads\/2019\/08\/logo-produtiva-black.png","width":238,"height":52,"caption":"Produtiva"},"image":{"@id":"https:\/\/www.produtiva.net\/v4\/#\/schema\/logo\/image\/"}}]}},"_links":{"self":[{"href":"https:\/\/www.produtiva.net\/v4\/wp-json\/wp\/v2\/pages\/2435","targetHints":{"allow":["GET"]}}],"collection":[{"href":"https:\/\/www.produtiva.net\/v4\/wp-json\/wp\/v2\/pages"}],"about":[{"href":"https:\/\/www.produtiva.net\/v4\/wp-json\/wp\/v2\/types\/page"}],"author":[{"embeddable":true,"href":"https:\/\/www.produtiva.net\/v4\/wp-json\/wp\/v2\/users\/1"}],"replies":[{"embeddable":true,"href":"https:\/\/www.produtiva.net\/v4\/wp-json\/wp\/v2\/comments?post=2435"}],"version-history":[{"count":13,"href":"https:\/\/www.produtiva.net\/v4\/wp-json\/wp\/v2\/pages\/2435\/revisions"}],"predecessor-version":[{"id":4931,"href":"https:\/\/www.produtiva.net\/v4\/wp-json\/wp\/v2\/pages\/2435\/revisions\/4931"}],"up":[{"embeddable":true,"href":"https:\/\/www.produtiva.net\/v4\/wp-json\/wp\/v2\/pages\/2397"}],"wp:featuredmedia":[{"embeddable":true,"href":"https:\/\/www.produtiva.net\/v4\/wp-json\/wp\/v2\/media\/96"}],"wp:attachment":[{"href":"https:\/\/www.produtiva.net\/v4\/wp-json\/wp\/v2\/media?parent=2435"}],"curies":[{"name":"wp","href":"https:\/\/api.w.org\/{rel}","templated":true}]}}